{"id":44379,"date":"2023-03-13T21:08:21","date_gmt":"2023-03-13T21:08:21","guid":{"rendered":"https:\/\/www.plagiocefalia.com\/capacete-de-plagiocefalia-nao-funciona\/"},"modified":"2023-03-16T09:12:53","modified_gmt":"2023-03-16T09:12:53","slug":"capacete-de-plagiocefalia-nao-funciona","status":"publish","type":"page","link":"https:\/\/www.plagiocefalia.com\/pt-pt\/capacete-de-plagiocefalia-nao-funciona\/","title":{"rendered":"Capacete de plagiocefalia n\u00e3o funciona"},"content":{"rendered":"\t\t<div data-elementor-type=\"wp-page\" data-elementor-id=\"44379\" class=\"elementor elementor-44379 elementor-44338\" data-elementor-post-type=\"page\">\n\t\t\t\t\t\t<section class=\"elementor-section elementor-top-section elementor-element elementor-element-236c6b7 elementor-section-boxed elementor-section-height-default elementor-section-height-default\" data-id=\"236c6b7\" data-element_type=\"section\" data-e-type=\"section\">\n\t\t\t\t\t\t<div class=\"elementor-container elementor-column-gap-default\">\n\t\t\t\t\t<div class=\"elementor-column elementor-col-100 elementor-top-column elementor-element elementor-element-469defb\" data-id=\"469defb\" data-element_type=\"column\" data-e-type=\"column\">\n\t\t\t<div class=\"elementor-widget-wrap elementor-element-populated\">\n\t\t\t\t\t\t<div class=\"elementor-element elementor-element-2232fb5 elementor-widget elementor-widget-html\" data-id=\"2232fb5\" data-element_type=\"widget\" data-e-type=\"widget\" data-widget_type=\"html.default\">\n\t\t\t\t<div class=\"elementor-widget-container\">\n\t\t\t\t\t<h1><center><span style=\"color: #014f99;\">  Capacete de plagiocefalia n\u00e3o funciona<\/span><\/a><\/center><\/h1>\t\t\t\t<\/div>\n\t\t\t\t<\/div>\n\t\t\t\t\t<\/div>\n\t\t<\/div>\n\t\t\t\t\t<\/div>\n\t\t<\/section>\n\t\t\t\t<section class=\"elementor-section elementor-top-section elementor-element elementor-element-9d064c2 elementor-section-boxed elementor-section-height-default elementor-section-height-default\" data-id=\"9d064c2\" data-element_type=\"section\" data-e-type=\"section\">\n\t\t\t\t\t\t<div class=\"elementor-container elementor-column-gap-default\">\n\t\t\t\t\t<div class=\"elementor-column elementor-col-100 elementor-top-column elementor-element elementor-element-1f66405\" data-id=\"1f66405\" data-element_type=\"column\" data-e-type=\"column\">\n\t\t\t<div class=\"elementor-widget-wrap elementor-element-populated\">\n\t\t\t\t\t\t<div class=\"elementor-element elementor-element-96ecd6a elementor-widget elementor-widget-text-editor\" data-id=\"96ecd6a\" data-element_type=\"widget\" data-e-type=\"widget\" data-widget_type=\"text-editor.default\">\n\t\t\t\t<div class=\"elementor-widget-container\">\n\t\t\t\t\t\t\t\t\t<p>Infelizmente, muitas vezes as pessoas pensam que o capacete de plagiocefalia n\u00e3o funciona. Neste artigo, vamos descobrir quais s\u00e3o as raz\u00f5es pelas quais ele n\u00e3o funciona e quais s\u00e3o os elementos que o fazem funcionar.<\/p>\n<p>Quando falamos de um capacete (ou banda) para plagiocefalia, para dizer a verdade, estamos falando de um capacete ortop\u00e9dico ou banda destinada a corrigir deforma\u00e7\u00f5es cranianas como plagiocefalia, braquicefalia, escafocefalia ou deforma\u00e7\u00f5es mistas.<\/p>\n<p>Existem dois tipos de capacetes (bandas) para tratar deformidades cranianas:<\/p>\n<ul>\n<li>Bandas passivas<\/li>\n<li>bandas ativas<\/li>\n<\/ul>\n<div><\/div>\n<p>O crit\u00e9rio das bandas passivas baseia-se no crescimento passivo do cr\u00e2nio, deixando espa\u00e7os livres que funcionam como tala de descarga. Atualmente, n\u00e3o h\u00e1 registro de resultados publicados de tratamentos de deformidades cranianas usando bandas passivas ou locais.<\/p>\n<p>O conceito de <strong>Banda ativa (ou din\u00e2mica)<\/strong>, est\u00e1 bem definido nos artigos cient\u00edficos publicados pela Cranial Technologies Inc. <a href=\"https:\/\/pubmed.ncbi.nlm.nih.gov\/7803587\/\" target=\"_blank\" rel=\"noopener\">1994<\/a> e <a href=\"https:\/\/pubmed.ncbi.nlm.nih.gov\/9558562\/\" target=\"_blank\" rel=\"noopener\">1998<\/a>) e \u00e9 simplesmente atuar em pontos-chave do cr\u00e2nio deformado aplicando a corre\u00e7\u00e3o tridimensional de transla\u00e7\u00e3o e remodela\u00e7\u00e3o dos ossos da base e da ab\u00f3bada craniana com base em um modelo anat\u00f4mico o mais natural e normal poss\u00edvel.<\/p>\n<p>A Cranial Technologies Inc., com a <a href=\"https:\/\/www.plagiocefalia.com\/pt-pt\/capacete-para-plagiocefalia\/\">DOC Band\u00ae<\/a>, foi pioneira no desenvolvimento desta t\u00e9cnica, e foi a primeira empresa americana a receber aprova\u00e7\u00e3o da FDA para o uso de uma \u00f3rtese craniana para o tratamento da plagiocefalia.<\/p>\n<p>Dentro das bandas ativas, temos diferentes fabricantes. At\u00e9 \u00e0 data, tanto quanto sabemos, <strong>apenas o capacete DOC\u00ae tem artigos cient\u00edficos que comprovam a sua efic\u00e1cia.<\/strong><\/p>\n<ul>\n<li style=\"list-style-type: none;\">\n<ul>\n<li><a href=\"https:\/\/pubmed.ncbi.nlm.nih.gov\/9558562\/\" target=\"_blank\" rel=\"noopener\">Tratamento da assimetria craniofacial por cranioplastia ortop\u00e9dica din\u00e2mica<\/a><\/li>\n<li><a href=\"https:\/\/www.researchgate.net\/publication\/328309137_Helmet_Treatment_of_Infants_With_Deformational_Brachycephaly\" target=\"_blank\" rel=\"noopener\">Tratamento com capacete de beb\u00eas com braquicefalia deformante<\/a><\/li>\n<li><a href=\"https:\/\/pubmed.ncbi.nlm.nih.gov\/7803587\/\" target=\"_blank\" rel=\"noopener\">Tratamento da plagiocefalia posicional com cranioplastia ortop\u00e9dica din\u00e2mica<\/a><span style=\"color: var( --e-global-color-text ); font-family: var( --e-global-typography-text-font-family ), Sans-serif; font-size: 1rem; text-align: center;\">&nbsp;<\/span><\/li>\n<\/ul>\n<\/li>\n<\/ul>\n<h2><center><span style=\"color: #014f99;\"><br><\/span><\/center><center><span style=\"color: #014f99;\"> 7 crit\u00e9rios para um tratamento eficaz com auscultadores DOC Band\u00ae<\/span><\/center><\/h2>\n<p><br><\/p>\n<p>Os crit\u00e9rios para que a banda ativa DOC Band\u00ae funcione s\u00e3o:<\/p>\n<ol>\n<li>O paciente deve ter sido corretamente diagnosticado com qualquer uma das seguintes patologias:<\/li>\n<\/ol>\n<div><\/div>\n<ul>\n<li style=\"list-style-type: none;\">\n<\/li><ul>\n<li><a href=\"https:\/\/www.plagiocefalia.com\/pt-pt\/plagiocefalia\/\">Plagiocefalia posicional (anterior e posterior)<\/a><\/li>\n<li><a href=\"https:\/\/www.plagiocefalia.com\/pt-pt\/braquicefalia\/\">Braquicefalia posicional<\/a><\/li>\n<li><a href=\"https:\/\/www.plagiocefalia.com\/pt-pt\/equipe-medica\/\">Escafocefalia posicional<\/a><\/li>\n<li><a href=\"https:\/\/www.plagiocefalia.com\/pt-pt\/outras-deformidades-cranianas\/\">Deformidades craniofaciais posicionais mistas<\/a><\/li>\n<\/ul>\n\n<\/ul><div><br><\/div>\n<div><\/div>\n<div><\/div>\n<ol start=\"2\">\n<li>A banda tamb\u00e9m \u00e9 \u00fatil para:<\/li>\n<\/ol>\n<div><\/div>\n<ul>\n<li style=\"list-style-type: none;\">\n<ul>\n<li>Tratamento p\u00f3s-cir\u00fargico da cirurgia endosc\u00f3pica precoce para craniossinostose<\/li>\n<li>Prote\u00e7\u00e3o e remodela\u00e7\u00e3o para casos de defeitos \u00f3sseos parietais cranianos<\/li>\n<\/ul>\n<\/li>\n<\/ul>\n<div><\/div>\n<div><span style=\"color: var( --e-global-color-text ); font-family: var( --e-global-typography-text-font-family ), Sans-serif;\"><br><\/span><\/div><div><span style=\"color: var( --e-global-color-text ); font-family: var( --e-global-typography-text-font-family ), Sans-serif;\">&nbsp; &nbsp; 3. O doente tem entre 3 e 18 meses de idade<\/span><br><\/div><p><span style=\"color: var( --e-global-color-text ); font-family: var( --e-global-typography-text-font-family ), Sans-serif; font-size: 1rem;\"><br><\/span><\/p><p><span style=\"color: var( --e-global-color-text ); font-family: var( --e-global-typography-text-font-family ), Sans-serif; font-size: 1rem;\">&nbsp; &nbsp; 4. O m\u00e9dico\/especialista em tratamento da\u00ae DOC Band deve monitorar regularmente o paciente e realizar as modifica\u00e7\u00f5es mec\u00e2nicas apropriadas no capacete.<\/span><br><\/p><div><span style=\"color: var( --e-global-color-text ); font-family: var( --e-global-typography-text-font-family ), Sans-serif;\"><br><\/span><\/div>\n<div><span style=\"color: var( --e-global-color-text ); font-family: var( --e-global-typography-text-font-family ), Sans-serif;\">&nbsp; &nbsp; 5. A faixa deve ser usada cerca de 23h por dia.<\/span><br><span style=\"color: var( --e-global-color-text ); font-family: var( --e-global-typography-text-font-family ), Sans-serif;\"><br><\/span><\/div>\n<div><span style=\"color: var( --e-global-color-text ); font-family: var( --e-global-typography-text-font-family ), Sans-serif;\">&nbsp; &nbsp; 6. \u00c9 necess\u00e1rio completar o tratado <\/span><span style=\"color: var( --e-global-color-text ); font-family: var( --e-global-typography-text-font-family ), Sans-serif;\">seguir \u00e0 risca as instru\u00e7\u00f5es que s\u00e3o fornecidas e assinadas juntamente com o consentimento informado<\/span><br><span style=\"color: var( --e-global-color-text ); font-family: var( --e-global-typography-text-font-family ), Sans-serif;\"><br><\/span><\/div>\n<div><span style=\"color: var( --e-global-color-text ); font-family: var( --e-global-typography-text-font-family ), Sans-serif;\">&nbsp; &nbsp; 7. A experi\u00eancia no tratamento de deformidades cranianas \u00e9 muito importante.<\/span><\/div>\n<div><\/div>\n<ul>\n<li style=\"list-style-type: none;\">\n<ul>\n<li><a href=\"https:\/\/www.plagiocefalia.com\/pt-pt\/equipe-medica\/\"><strong>A equipe<\/strong> <\/a>m\u00e9dica do Dr. Joan Pinyot tem mais de 45 anos de experi\u00eancia em deforma\u00e7\u00f5es e malforma\u00e7\u00f5es cranianas e tratou mais de 4.200 pacientes com deformidades cranianas com sucesso.<\/li>\n<\/ul>\n<\/li>\n<\/ul>\n<div><\/div>\n<div><img fetchpriority=\"high\" decoding=\"async\" class=\"size-medium wp-image-24042 aligncenter\" src=\"https:\/\/www.plagiocefalia.com\/wp-content\/uploads\/2022\/02\/peq_foto_maca-225x300.jpg\" alt=\"capacete plagiocefalia \" width=\"225\" height=\"300\" srcset=\"https:\/\/www.plagiocefalia.com\/wp-content\/uploads\/2022\/02\/peq_foto_maca-225x300.jpg 225w, https:\/\/www.plagiocefalia.com\/wp-content\/uploads\/2022\/02\/peq_foto_maca.jpg 420w\" sizes=\"(max-width: 225px) 100vw, 225px\" \/><\/div>\n<h4><\/h4>\n<h4 style=\"text-align: center;\"><a href=\"&quot;https:\/\/www.plagiocefalia.com\/pt-pt\/feedback-tratamento-capacete-doc-band\/\"><strong><span style=\"color: #993300;\"> Feedback dos pais <\/span><\/strong><\/a><\/h4>\n<p style=\"text-align: center;\">Se desejar, pode ver o <em>feedback recebido<\/em> pelos pais em diferentes l\u00ednguas:<\/p>\n<p style=\"text-align: center;\"><a href=\"https:\/\/www.plagiocefalia.com\/pt-pt\/feedback-tratamento-capacete-doc-band\/\">Catal\u00e3o<\/a>, <a style=\"font-family: var( --e-global-typography-text-font-family ), Sans-serif; font-size: 1rem;\" href=\"https:\/\/www.plagiocefalia.com\/pt-pt\/feedback-tratamento-capacete-doc-band\/\">Espanhol,<\/a> <a href=\"https:\/\/www.plagiocephalie.com\/feedback-traitement-casque-doc-band\/\" target=\"_blank\" rel=\"noopener\">Franc\u00eas<\/a><\/p>\n<p style=\"text-align: center;\">Esperamos que este artigo o ajude a entender quando funciona o capacete para plagiocefalia.<\/p>\t\t\t\t\t\t\t\t<\/div>\n\t\t\t\t<\/div>\n\t\t\t\t\t<\/div>\n\t\t<\/div>\n\t\t\t\t\t<\/div>\n\t\t<\/section>\n\t\t\t\t<\/div>\n\t\t","protected":false},"excerpt":{"rendered":"<p>Capacete de plagiocefalia n\u00e3o funciona Infelizmente, muitas vezes as pessoas pensam que o capacete de plagiocefalia n\u00e3o funciona. Neste artigo, vamos descobrir quais s\u00e3o as raz\u00f5es pelas quais ele n\u00e3o funciona e quais s\u00e3o os elementos que o fazem funcionar. Quando falamos de um capacete (ou banda) para plagiocefalia, para dizer a verdade, estamos falando [&hellip;]<\/p>\n","protected":false},"author":2,"featured_media":0,"parent":0,"menu_order":0,"comment_status":"closed","ping_status":"closed","template":"","meta":{"footnotes":""},"class_list":["post-44379","page","type-page","status-publish","hentry"],"_links":{"self":[{"href":"https:\/\/www.plagiocefalia.com\/pt-pt\/wp-json\/wp\/v2\/pages\/44379","targetHints":{"allow":["GET"]}}],"collection":[{"href":"https:\/\/www.plagiocefalia.com\/pt-pt\/wp-json\/wp\/v2\/pages"}],"about":[{"href":"https:\/\/www.plagiocefalia.com\/pt-pt\/wp-json\/wp\/v2\/types\/page"}],"author":[{"embeddable":true,"href":"https:\/\/www.plagiocefalia.com\/pt-pt\/wp-json\/wp\/v2\/users\/2"}],"replies":[{"embeddable":true,"href":"https:\/\/www.plagiocefalia.com\/pt-pt\/wp-json\/wp\/v2\/comments?post=44379"}],"version-history":[{"count":31,"href":"https:\/\/www.plagiocefalia.com\/pt-pt\/wp-json\/wp\/v2\/pages\/44379\/revisions"}],"predecessor-version":[{"id":44749,"href":"https:\/\/www.plagiocefalia.com\/pt-pt\/wp-json\/wp\/v2\/pages\/44379\/revisions\/44749"}],"wp:attachment":[{"href":"https:\/\/www.plagiocefalia.com\/pt-pt\/wp-json\/wp\/v2\/media?parent=44379"}],"curies":[{"name":"wp","href":"https:\/\/api.w.org\/{rel}","templated":true}]}}