{"id":45035,"date":"2023-03-17T13:26:41","date_gmt":"2023-03-17T13:26:41","guid":{"rendered":"https:\/\/www.plagiocefalia.com\/il-casco-per-plagiocefalia-non-funziona\/"},"modified":"2023-03-17T13:37:47","modified_gmt":"2023-03-17T13:37:47","slug":"il-casco-per-plagiocefalia-non-funziona","status":"publish","type":"page","link":"https:\/\/www.plagiocefalia.com\/it\/il-casco-per-plagiocefalia-non-funziona\/","title":{"rendered":"Il casco per plagiocefalia non funziona"},"content":{"rendered":"\t\t<div data-elementor-type=\"wp-page\" data-elementor-id=\"45035\" class=\"elementor elementor-45035 elementor-44338\" data-elementor-post-type=\"page\">\n\t\t\t\t\t\t<section class=\"elementor-section elementor-top-section elementor-element elementor-element-236c6b7 elementor-section-boxed elementor-section-height-default elementor-section-height-default\" data-id=\"236c6b7\" data-element_type=\"section\" data-e-type=\"section\">\n\t\t\t\t\t\t<div class=\"elementor-container elementor-column-gap-default\">\n\t\t\t\t\t<div class=\"elementor-column elementor-col-100 elementor-top-column elementor-element elementor-element-469defb\" data-id=\"469defb\" data-element_type=\"column\" data-e-type=\"column\">\n\t\t\t<div class=\"elementor-widget-wrap elementor-element-populated\">\n\t\t\t\t\t\t<div class=\"elementor-element elementor-element-2232fb5 elementor-widget elementor-widget-html\" data-id=\"2232fb5\" data-element_type=\"widget\" data-e-type=\"widget\" data-widget_type=\"html.default\">\n\t\t\t\t<div class=\"elementor-widget-container\">\n\t\t\t\t\t<h1><center><span style=\"color: #014f99;\"> Il casco per plagiocefalia non funziona<\/span><\/a><\/center><\/h1>\t\t\t\t<\/div>\n\t\t\t\t<\/div>\n\t\t\t\t\t<\/div>\n\t\t<\/div>\n\t\t\t\t\t<\/div>\n\t\t<\/section>\n\t\t\t\t<section class=\"elementor-section elementor-top-section elementor-element elementor-element-9d064c2 elementor-section-boxed elementor-section-height-default elementor-section-height-default\" data-id=\"9d064c2\" data-element_type=\"section\" data-e-type=\"section\">\n\t\t\t\t\t\t<div class=\"elementor-container elementor-column-gap-default\">\n\t\t\t\t\t<div class=\"elementor-column elementor-col-100 elementor-top-column elementor-element elementor-element-1f66405\" data-id=\"1f66405\" data-element_type=\"column\" data-e-type=\"column\">\n\t\t\t<div class=\"elementor-widget-wrap elementor-element-populated\">\n\t\t\t\t\t\t<div class=\"elementor-element elementor-element-96ecd6a elementor-widget elementor-widget-text-editor\" data-id=\"96ecd6a\" data-element_type=\"widget\" data-e-type=\"widget\" data-widget_type=\"text-editor.default\">\n\t\t\t\t<div class=\"elementor-widget-container\">\n\t\t\t\t\t\t\t\t\t<p>Sfortunatamente, le persone spesso pensano che il casco per plagiocefalia non funzioni. In questo articolo scopriremo i motivi per cui non funziona e gli elementi che lo fanno funzionare.<\/p><p>Quando si parla di casco (o banda) per plagiocefalia, a dire il vero, si parla di un casco o fascia ortopedica destinata a correggere deformit\u00e0 craniche come plagiocefalia, brachicefalia, scafocefalia o deformit\u00e0 miste.<\/p><p>Esistono due tipi di caschi (bande) per il trattamento delle deformit\u00e0 craniche:<\/p><ul><li>le bande passive<\/li><li>le bande attive<\/li><\/ul><div>\u00a0<\/div><p>Il criterio delle bande passive si basa sull&#8217;affidarsi alla crescita passiva del cranio lasciando alcuni spazi liberi che fungono da stecca. Attualmente, non ci sono prove di risultati pubblicati del trattamento delle deformit\u00e0 craniche utilizzando bande passive o locali.<\/p><p>Il concetto di <strong>banda attiva (o dinamica).<\/strong>, \u00e8 ben definito negli articoli scientifici pubblicati da Cranial Technologies Inc. (vedi gli articoli di <a href=\"https:\/\/pubmed.ncbi.nlm.nih.gov\/7803587\/\" target=\"_blank\" rel=\"noopener\">1994<\/a> io <a href=\"https:\/\/pubmed.ncbi.nlm.nih.gov\/9558562\/\" target=\"_blank\" rel=\"noopener\">1998<\/a>) e si tratta semplicemente di agire su alcuni punti chiave del cranio deformato applicando la correzione tridimensionale di traslazione e rimodellamento delle ossa della base e della volta cranica sulla base di un modello anatomico il pi\u00f9 naturale e normale possibile.<\/p><p>Cranial Technologies Inc., con la <a href=\"https:\/\/www.plagiocefalia.com\/it\/casco-per-plagiocefalia-doc-band\/\">DOC Band\u00ae<\/a> , \u00e8 stata pioniera nello sviluppo di questa tecnica, ed \u00e8 stata la prima azienda americana a ricevere l&#8217;approvazione della FDA per l&#8217;uso di un&#8217;ortesi cranica per il trattamento della plagiocefalia<\/p><p>Tra le bande attive, abbiamo diversi produttori. Ad oggi, a nostra conoscenza, <strong>solo la DOC Band\u00ae dispone di articoli scientifici che ne dimostrano l&#8217;efficacia.<\/strong><\/p><p>Questi sono:<\/p><ul><li style=\"list-style-type: none;\"><ul><li><a href=\"https:\/\/pubmed.ncbi.nlm.nih.gov\/9558562\/\" target=\"_blank\" rel=\"noopener\">Trattamento dell&#8217;asimmetria craniofacciale mediante cranioplastica ortopedica dinamica<\/a><\/li><li><a href=\"https:\/\/www.researchgate.net\/publication\/328309137_Helmet_Treatment_of_Infants_With_Deformational_Brachycephaly\" target=\"_blank\" rel=\"noopener\">Trattamento del casco dei neonati con brachicefalia deformante<\/a><\/li><li><a href=\"https:\/\/pubmed.ncbi.nlm.nih.gov\/7803587\/\" target=\"_blank\" rel=\"noopener\">Trattamento della plagiocefalia posizionale mediante cranioplastica ortopedica dinamica<\/a><\/li><\/ul><\/li><\/ul><div>\u00a0<\/div><div><h2 style=\"text-align: center;\"><span style=\"color: #014f99;\"> 7 criteri per un trattamento efficace con il casco DOC Band\u00ae<\/span><\/h2><\/div><p>I criteri per il funzionamento del casco DOC Band\u00ae sono:<\/p><p><span style=\"color: var( --e-global-color-text ); font-family: var( --e-global-typography-text-font-family ), Sans-serif;\">1. Al paziente deve essere stata correttamente diagnosticata una delle seguenti patologie:<\/span><\/p><ul><li style=\"list-style-type: none;\"><ul><li><a href=\"https:\/\/www.plagiocefalia.com\/it\/plagiocefalia\/\">Plagiocefalia posizionale (anteriore e posteriore)<\/a><\/li><li><a href=\"https:\/\/www.plagiocefalia.com\/it\/brachicefalia\/\">Brachicefalia posizionale<\/a><\/li><li><a href=\"https:\/\/www.plagiocefalia.com\/it\/equipe-medica\/\">Scafocefalia posizionale<\/a><\/li><li><a href=\"https:\/\/www.plagiocefalia.com\/it\/altre-deformita-craniche\/\">Deformit\u00e0 craniofacciali posizionali miste<\/a><span style=\"color: var( --e-global-color-text ); font-family: var( --e-global-typography-text-font-family ), Sans-serif;\"><br \/><\/span><\/li><\/ul><\/li><\/ul><p><span style=\"color: var( --e-global-color-text ); font-family: var( --e-global-typography-text-font-family ), Sans-serif;\">\u00a0<\/span><\/p><p><span style=\"color: var( --e-global-color-text ); font-family: var( --e-global-typography-text-font-family ), Sans-serif;\">2. Il casco \u00e8 utile anche per:<\/span><\/p><ul><li style=\"list-style-type: none;\"><ul><li>Trattamento post-chirurgico della chirurgia endoscopica precoce per craniosinostosi<\/li><li>Protezione e rimodellamento per i casi di difetti ossei craniali parietali<\/li><\/ul><\/li><\/ul><div>\u00a0<\/div><div><span style=\"color: var( --e-global-color-text ); font-family: var( --e-global-typography-text-font-family ), Sans-serif;\"> 3. Il paziente ha un&#8217;et\u00e0 compresa tra i 3 ei 18 mesi<\/span><\/div><div>\u00a0<\/div><div><span style=\"color: var( --e-global-color-text ); font-family: var( --e-global-typography-text-font-family ), Sans-serif;\"> 4. Il medico\/specialista nel trattamento DOC Band\u00ae deve monitorare regolarmente il paziente ed eseguire le relative modifiche meccaniche al casco.<\/span><\/div><div>\u00a0<\/div><div><span style=\"color: var( --e-global-color-text ); font-family: var( --e-global-typography-text-font-family ), Sans-serif;\"> 5. Il cinturino deve essere indossato circa 23 ore al giorno.<\/span><\/div><div>\u00a0<\/div><div><span style=\"color: var( --e-global-color-text ); font-family: var( --e-global-typography-text-font-family ), Sans-serif;\"> 6. Deve essere completato <\/span><span style=\"color: var( --e-global-color-text ); font-family: var( --e-global-typography-text-font-family ), Sans-serif;\"> e seguire alla lettera le istruzioni fornite e firmate insieme al consenso informato<\/span><\/div><div>\u00a0<\/div><div><span style=\"color: var( --e-global-color-text ); font-family: var( --e-global-typography-text-font-family ), Sans-serif;\"> 7. L&#8217;esperienza nel trattamento delle deformit\u00e0 craniche \u00e8 molto importante.<\/span><\/div><div>\u00a0<\/div><ul><li style=\"list-style-type: none;\"><ul><li><a href=\"https:\/\/www.plagiocefalia.com\/it\/equipe-medica\/\"><strong>L&#8217;equipe medica <\/strong><\/a>del Dottore Joan Pinyot ha pi\u00f9 di 45 anni di esperienza nelle deformazioni e malformazioni craniche e ha trattato con successo pi\u00f9 di 4.200 pazienti con deformit\u00e0 craniche<\/li><\/ul><\/li><\/ul><div>\u00a0<\/div><div><img fetchpriority=\"high\" decoding=\"async\" class=\"size-medium wp-image-4197 aligncenter\" src=\"https:\/\/www.plagiocefalia.com\/wp-content\/uploads\/2018\/12\/peq_foto_maca-225x300.jpg\" alt=\"plagiocefalia\" width=\"225\" height=\"300\" srcset=\"https:\/\/www.plagiocefalia.com\/wp-content\/uploads\/2018\/12\/peq_foto_maca-225x300.jpg 225w, https:\/\/www.plagiocefalia.com\/wp-content\/uploads\/2018\/12\/peq_foto_maca.jpg 420w\" sizes=\"(max-width: 225px) 100vw, 225px\" \/><\/div><div>\u00a0<\/div><h4 style=\"text-align: center;\"><a href=\"https:\/\/www.plagiocefalia.com\/it\/feedback-trattamento-casco-doc-band\/\"><span style=\"color: #993300;\"><strong>Feedback dei genitori<\/strong><\/span><\/a><\/h4><p style=\"text-align: center;\">Se lo desiderano, possono anche vedere i <em>feedback<\/em> ricevuti dai genitori in diverse lingue:<\/p><p style=\"text-align: center;\"><a href=\"https:\/\/www.plagiocefalia.com\/it\/feedback-trattamento-casco-doc-band\/\">catalano<\/a> , <a style=\"font-family: var( --e-global-typography-text-font-family ), Sans-serif; font-size: 1rem;\" href=\"https:\/\/www.plagiocefalia.com\/it\/feedback-trattamento-casco-doc-band\/\">spagnolo<\/a> , <a style=\"font-family: var( --e-global-typography-text-font-family ), Sans-serif; font-size: 1rem;\" href=\"https:\/\/www.plagiocephalie.com\/feedback-traitement-casque-doc-band\/\" target=\"_blank\" rel=\"noopener\">francese<\/a><\/p><p style=\"text-align: center;\">Speriamo che questo articolo ti aiuti a capire quando funziona il casco della plagiocefalia.<\/p>\t\t\t\t\t\t\t\t<\/div>\n\t\t\t\t<\/div>\n\t\t\t\t\t<\/div>\n\t\t<\/div>\n\t\t\t\t\t<\/div>\n\t\t<\/section>\n\t\t\t\t<\/div>\n\t\t","protected":false},"excerpt":{"rendered":"<p>Il casco per plagiocefalia non funziona Sfortunatamente, le persone spesso pensano che il casco per plagiocefalia non funzioni. In questo articolo scopriremo i motivi per cui non funziona e gli elementi che lo fanno funzionare. Quando si parla di casco (o banda) per plagiocefalia, a dire il vero, si parla di un casco o fascia [&hellip;]<\/p>\n","protected":false},"author":2,"featured_media":0,"parent":0,"menu_order":0,"comment_status":"closed","ping_status":"closed","template":"","meta":{"footnotes":""},"class_list":["post-45035","page","type-page","status-publish","hentry"],"_links":{"self":[{"href":"https:\/\/www.plagiocefalia.com\/it\/wp-json\/wp\/v2\/pages\/45035","targetHints":{"allow":["GET"]}}],"collection":[{"href":"https:\/\/www.plagiocefalia.com\/it\/wp-json\/wp\/v2\/pages"}],"about":[{"href":"https:\/\/www.plagiocefalia.com\/it\/wp-json\/wp\/v2\/types\/page"}],"author":[{"embeddable":true,"href":"https:\/\/www.plagiocefalia.com\/it\/wp-json\/wp\/v2\/users\/2"}],"replies":[{"embeddable":true,"href":"https:\/\/www.plagiocefalia.com\/it\/wp-json\/wp\/v2\/comments?post=45035"}],"version-history":[{"count":10,"href":"https:\/\/www.plagiocefalia.com\/it\/wp-json\/wp\/v2\/pages\/45035\/revisions"}],"predecessor-version":[{"id":45047,"href":"https:\/\/www.plagiocefalia.com\/it\/wp-json\/wp\/v2\/pages\/45035\/revisions\/45047"}],"wp:attachment":[{"href":"https:\/\/www.plagiocefalia.com\/it\/wp-json\/wp\/v2\/media?parent=45035"}],"curies":[{"name":"wp","href":"https:\/\/api.w.org\/{rel}","templated":true}]}}