{"id":20649,"date":"2022-01-14T09:46:29","date_gmt":"2022-01-14T09:46:29","guid":{"rendered":"https:\/\/www.plagiocefalia.com\/que-causa-la-craneosinostosi\/"},"modified":"2023-03-11T15:14:31","modified_gmt":"2023-03-11T15:14:31","slug":"quina-es-la-causa-la-craneosinostosi","status":"publish","type":"page","link":"https:\/\/www.plagiocefalia.com\/ca\/quina-es-la-causa-la-craneosinostosi\/","title":{"rendered":"Quina \u00e9s la causa de la craneosinostosi?"},"content":{"rendered":"\t\t<div data-elementor-type=\"wp-page\" data-elementor-id=\"20649\" class=\"elementor elementor-20649 elementor-19872\" data-elementor-post-type=\"page\">\n\t\t\t\t\t\t<section class=\"elementor-section elementor-top-section elementor-element elementor-element-8136baa elementor-section-boxed elementor-section-height-default elementor-section-height-default\" data-id=\"8136baa\" data-element_type=\"section\" data-e-type=\"section\">\n\t\t\t\t\t\t<div class=\"elementor-container elementor-column-gap-default\">\n\t\t\t\t\t<div class=\"elementor-column elementor-col-100 elementor-top-column elementor-element elementor-element-2fa7ff4\" data-id=\"2fa7ff4\" data-element_type=\"column\" data-e-type=\"column\">\n\t\t\t<div class=\"elementor-widget-wrap elementor-element-populated\">\n\t\t\t\t\t\t<div class=\"elementor-element elementor-element-e16a9fb elementor-widget elementor-widget-html\" data-id=\"e16a9fb\" data-element_type=\"widget\" data-e-type=\"widget\" data-widget_type=\"html.default\">\n\t\t\t\t<div class=\"elementor-widget-container\">\n\t\t\t\t\t<center><h2><FONT COLOR=\"#014F99\">Quina \u00e9s la causa de la craneosinostosi?<\/FONT><\/h2><\/center>\t\t\t\t<\/div>\n\t\t\t\t<\/div>\n\t\t\t\t\t<\/div>\n\t\t<\/div>\n\t\t\t\t\t<\/div>\n\t\t<\/section>\n\t\t\t\t<section class=\"elementor-section elementor-top-section elementor-element elementor-element-149cac4d elementor-section-boxed elementor-section-height-default elementor-section-height-default\" data-id=\"149cac4d\" data-element_type=\"section\" data-e-type=\"section\">\n\t\t\t\t\t\t<div class=\"elementor-container elementor-column-gap-default\">\n\t\t\t\t\t<div class=\"elementor-column elementor-col-100 elementor-top-column elementor-element elementor-element-4ca55386\" data-id=\"4ca55386\" data-element_type=\"column\" data-e-type=\"column\">\n\t\t\t<div class=\"elementor-widget-wrap elementor-element-populated\">\n\t\t\t\t\t\t<div class=\"elementor-element elementor-element-218ae3a8 elementor-widget elementor-widget-text-editor\" data-id=\"218ae3a8\" data-element_type=\"widget\" data-e-type=\"widget\" data-widget_type=\"text-editor.default\">\n\t\t\t\t<div class=\"elementor-widget-container\">\n\t\t\t\t\t\t\t\t\t<figure class=\"wp-block-gallery aligncenter has-nested-images columns-default is-cropped\"><p>Segur que molts de vosaltres us haureu preguntat qu\u00e8 causa la <a href=\"https:\/\/www.plagiocefalia.com\/ca\/craneosinostosi\/\">craneosinostosi<\/a>. Aquest fenomen es d\u00f3na quan apareix un tancament o fusi\u00f3 preco\u00e7 d&#8217;una o diverses sutures cranials i si no, es crea una malformaci\u00f3 cong\u00e8nita pel fet que alguns ossos del crani del nad\u00f3 se solden abans del normal.<\/p><figure class=\"wp-block-image size-large\"><\/figure><figure class=\"wp-block-image size-large\"><img fetchpriority=\"high\" decoding=\"async\" class=\"wp-image-21427 size-medium aligncenter\" src=\"https:\/\/www.plagiocefalia.com\/wp-content\/uploads\/2022\/01\/1074-240x300.jpg\" alt=\"causa craneosinostosi\" width=\"240\" height=\"300\" srcset=\"https:\/\/www.plagiocefalia.com\/wp-content\/uploads\/2022\/01\/1074-240x300.jpg 240w, https:\/\/www.plagiocefalia.com\/wp-content\/uploads\/2022\/01\/1074.jpg 638w\" sizes=\"(max-width: 240px) 100vw, 240px\" \/><\/figure><figcaption class=\"blocks-gallery-caption\"><\/figcaption><\/figure><p>Normalment les sutures es tanquen al voltant dels tres anys, encara que es pot produir en els primers mesos de vida i \u00e9s quan es creen les malformacions en els nadons.<\/p><p>La suturaci\u00f3 primerenca dels ossos del crani pot generar problemes severs i apar\u00e8ixer malformaci\u00f3 a la seva estructura. Aix\u00f2 tamb\u00e9 pot causar problemes en el funcionament de l&#8217;enc\u00e8fal i pot generar pressi\u00f3 intracranial quan el cervell va creixent i aix\u00f2 crearia conseq\u00fc\u00e8ncies greus al nad\u00f3.<\/p><p>Aquest cas pot produir-se en un de cada dos mil nounats i normalment es d\u00f3na en els nadons barons.<\/p><h2 style=\"text-align: center;\"><span style=\"color: #014f99;\">Quina \u00e9s la causa de la craneosinostosi?<\/span><\/h2><p>La causa \u00e9s desconeguda en la majoria dels casos. Algunes vegades apareix de forma ocasional i solen afectar una sola sutura. D&#8217;altres vegades es pot deure a altres malalties, i poden estar afectades diverses sutures.<\/p><h3 style=\"text-align: center;\"><span style=\"color: #014f99;\">Com es manifesta la craneosinostosi?<\/span><\/h3><p>Algunes craneosinostosis es veuen clarament en el naixement del nad\u00f3 i altres vegades van evolucionant els primers mesos.<\/p><h3 style=\"text-align: center;\"><span style=\"color: #014f99;\">Quin \u00e9s el tractament de la craneosinostosi?<\/span><\/h3><p>El tractament de la craneosinostosi \u00e9s mitjan\u00e7ant cirurgia. L&#8217;operaci\u00f3 s&#8217;hauria de fer abans que el nad\u00f3 arribi al primer any d&#8217;edat perqu\u00e8 els ossos es van endurint a poc a poc i pot ser que hi hagi m\u00e9s dificultats a la llarga per corregir aquesta malformaci\u00f3.<\/p><p>Aquest tipus d&#8217;intervenci\u00f3 no es d\u00f3na \u00fanicament per est\u00e8tica, sin\u00f3 que tamb\u00e9 \u00e9s deguda a altres complicacions que poguessin provocar un tancament prematura dels ossos del crani que podria ser perill\u00f3s per al cervell del nen i posteriori de la vida del nen. Per aix\u00f2 \u00e9s molt important que davant de qualsevol dubte consultis amb un especialista del sector que pugui fer una revisi\u00f3 del petit.<\/p><p>Moltes vegades aquestes <a href=\"https:\/\/www.plagiocefalia.com\/ca\/deformitats-cranials\/\">malformacions cranials en nadons<\/a> pot ser degut a un altre tipus de deformitats com la <a href=\"https:\/\/www.plagiocefalia.com\/ca\/plagiocefalia-3\/\"><strong>plagiocef\u00e0lia<\/strong><\/a> , la <strong><a href=\"https:\/\/www.plagiocefalia.com\/ca\/braquicefalia\/\">braquicef\u00e0lia<\/a><\/strong> o l&#8217; <strong><a href=\"https:\/\/www.plagiocefalia.com\/ca\/escafocefalia\/\">escafocef\u00e0lia<\/a><\/strong> .<\/p><p>Para m\u00e1s informaci\u00f3n sobre terapias para el <a href=\"https:\/\/www.plagiocefalia.com\/tratamiento-para-la-plagiocefalia\/\">tratamiento<\/a> de la<a href=\"https:\/\/www.plagiocefalia.com\/plagiocefalia\"> plagiocefalia<\/a>, la dilatada experiencia profesional de <a href=\"https:\/\/www.plagiocefalia.com\/equipo-medico\/\">nuestro equipo<\/a> (m\u00e1s de 35 a\u00f1os), o cualquier informaci\u00f3n acerca de las <a href=\"https:\/\/www.plagiocefalia.com\/malformaciones-craneales-en-bebes\/\">malformaciones craneales<\/a>, no dude en <a href=\"https:\/\/www.plagiocefalia.com\/centros-doc-band\/\">contactar con nuestros centros<\/a>.<\/p><p>El siguiente enlace, presentamos informaci\u00f3n sobre como <a href=\"https:\/\/www.plagiocefalia.com\/como-saber-si-mi-bebe-tiene-plagiocefalia\/\">evaluar si su beb\u00e9 tiene plagiocefalia<\/a>, u otra malformaci\u00f3n craneal<\/p>\t\t\t\t\t\t\t\t<\/div>\n\t\t\t\t<\/div>\n\t\t\t\t\t<\/div>\n\t\t<\/div>\n\t\t\t\t\t<\/div>\n\t\t<\/section>\n\t\t\t\t<section class=\"elementor-section elementor-top-section elementor-element elementor-element-b0a8c9e elementor-section-boxed elementor-section-height-default elementor-section-height-default\" data-id=\"b0a8c9e\" data-element_type=\"section\" data-e-type=\"section\">\n\t\t\t\t\t\t<div class=\"elementor-container elementor-column-gap-default\">\n\t\t\t\t\t<div class=\"elementor-column elementor-col-100 elementor-top-column elementor-element elementor-element-a3a27f6\" data-id=\"a3a27f6\" data-element_type=\"column\" data-e-type=\"column\">\n\t\t\t<div class=\"elementor-widget-wrap elementor-element-populated\">\n\t\t\t\t\t\t<div class=\"elementor-element elementor-element-68e2bb5 elementor-widget elementor-widget-html\" data-id=\"68e2bb5\" data-element_type=\"widget\" data-e-type=\"widget\" data-widget_type=\"html.default\">\n\t\t\t\t<div class=\"elementor-widget-container\">\n\t\t\t\t\t<h4><center><a href=\"https:\/\/www.plagiocefalia.com\/ca\/feedback-tractament-doc-band\/\"><strong><span style=\"color: #993300;\"> Feedback dels pares<\/span><\/strong><\/a><\/center><\/h4>\t\t\t\t<\/div>\n\t\t\t\t<\/div>\n\t\t\t\t\t<\/div>\n\t\t<\/div>\n\t\t\t\t\t<\/div>\n\t\t<\/section>\n\t\t\t\t<\/div>\n\t\t","protected":false},"excerpt":{"rendered":"<p>Quina \u00e9s la causa de la craneosinostosi? Segur que molts de vosaltres us haureu preguntat qu\u00e8 causa la craneosinostosi. Aquest fenomen es d\u00f3na quan apareix un tancament o fusi\u00f3 preco\u00e7 d&#8217;una o diverses sutures cranials i si no, es crea una malformaci\u00f3 cong\u00e8nita pel fet que alguns ossos del crani del nad\u00f3 se solden abans [&hellip;]<\/p>\n","protected":false},"author":1,"featured_media":19335,"parent":0,"menu_order":0,"comment_status":"closed","ping_status":"closed","template":"","meta":{"footnotes":""},"class_list":["post-20649","page","type-page","status-publish","has-post-thumbnail","hentry"],"_links":{"self":[{"href":"https:\/\/www.plagiocefalia.com\/ca\/wp-json\/wp\/v2\/pages\/20649","targetHints":{"allow":["GET"]}}],"collection":[{"href":"https:\/\/www.plagiocefalia.com\/ca\/wp-json\/wp\/v2\/pages"}],"about":[{"href":"https:\/\/www.plagiocefalia.com\/ca\/wp-json\/wp\/v2\/types\/page"}],"author":[{"embeddable":true,"href":"https:\/\/www.plagiocefalia.com\/ca\/wp-json\/wp\/v2\/users\/1"}],"replies":[{"embeddable":true,"href":"https:\/\/www.plagiocefalia.com\/ca\/wp-json\/wp\/v2\/comments?post=20649"}],"version-history":[{"count":24,"href":"https:\/\/www.plagiocefalia.com\/ca\/wp-json\/wp\/v2\/pages\/20649\/revisions"}],"predecessor-version":[{"id":44317,"href":"https:\/\/www.plagiocefalia.com\/ca\/wp-json\/wp\/v2\/pages\/20649\/revisions\/44317"}],"wp:featuredmedia":[{"embeddable":true,"href":"https:\/\/www.plagiocefalia.com\/ca\/wp-json\/wp\/v2\/media\/19335"}],"wp:attachment":[{"href":"https:\/\/www.plagiocefalia.com\/ca\/wp-json\/wp\/v2\/media?parent=20649"}],"curies":[{"name":"wp","href":"https:\/\/api.w.org\/{rel}","templated":true}]}}